{"version":"1.0","type":"rich","provider_name":"\u003Cabbr title=\"Syndicat Unitaire National D&#233;mocratique des personnels de l&#039;Enseignement et de la formation Priv&#233;s\"\u003ESundep\u003C\/abbr\u003E-Solidaires Paris \u003Cspan class=\"caps\"\u003ESUD\u003C\/span\u003E Enseignement priv\u00e9","provider_url":"https:\/\/www.sundep-paris.org","title":"Session 2027\u00a0: Calendrier des examens du Baccalaur\u00e9at","author_name":"VOGT Catherine","width":"480","height":"295","url":"https:\/\/sundep-paris.org\/Session-2027-Calendrier-des-examens-du-Baccalaureat","html":"\u003Ch4 class='title'\u003E\u003Ca href='https:\/\/sundep-paris.org\/Session-2027-Calendrier-des-examens-du-Baccalaureat'\u003ESession 2027\u00a0: Calendrier des examens du Baccalaur\u00e9at\u003C\/a\u003E\u003C\/h4\u003E\u003Cblockquote class='spip'\u003E\n\u003Cp\u003ELe calendrier des \u00e9preuves du baccalaur\u00e9at g\u00e9n\u00e9ral, technologique et professionnel est paru au \u003Cspan class=\"caps\"\u003EB.O.\u003C\/span\u003E de rentr\u00e9e. \n\nRetrouvez toutes les dates dans notre article. \n\nVous avez rencontr\u00e9 des probl\u00e8mes ou constat\u00e9 des dysfonctionnements au cours de vos missions de correction, \u00e9crivez-nous pour en rendre compte lors de notre prochain rendez-vous avec le \u003Cspan class=\"caps\"\u003ESIEC\u003C\/span\u003E\u00a0:  sundep.paris chez gmail.com \n\n \u00c9preuves anticip\u00e9es du baccalaur\u00e9at \u00c9preuve \u00e9crite anticip\u00e9e de fran\u00e7ais du baccalaur\u00e9at g\u00e9n\u00e9ral et\u00a0(\u2026)\u003C\/p\u003E\n\u003C\/blockquote\u003E\n"}