{"version":"1.0","type":"rich","provider_name":"\u003Cabbr title=\"Syndicat Unitaire National D&#233;mocratique des personnels de l&#039;Enseignement et de la formation Priv&#233;s\"\u003ESundep\u003C\/abbr\u003E-Solidaires Paris \u003Cspan class=\"caps\"\u003ESUD\u003C\/span\u003E Enseignement priv\u00e9","provider_url":"https:\/\/www.sundep-paris.org","title":"\u003Cspan class=\"caps\"\u003ELA\u003C\/span\u003E \u003Cspan class=\"caps\"\u003EPLACE\u003C\/span\u003E \u003Cspan class=\"caps\"\u003EDES\u003C\/span\u003E \u003Cspan class=\"caps\"\u003EENFANTS\u003C\/span\u003E N\u2019\u003Cspan class=\"caps\"\u003EEST\u003C\/span\u003E \u003Cspan class=\"caps\"\u003EPAS\u003C\/span\u003E \u003Cspan class=\"caps\"\u003EAU\u003C\/span\u003E \u003Cspan class=\"caps\"\u003ETRAVAIL\u003C\/span\u003E","author_name":"Martinez Kelly","width":"480","height":"295","url":"http:\/\/sundep-paris.org\/LA-PLACE-DES-ENFANTS-N-EST-PAS-AU-TRAVAIL","html":"\u003Ch4 class='title'\u003E\u003Ca href='http:\/\/sundep-paris.org\/LA-PLACE-DES-ENFANTS-N-EST-PAS-AU-TRAVAIL'\u003E\u003Cspan class=\"caps\"\u003ELA\u003C\/span\u003E \u003Cspan class=\"caps\"\u003EPLACE\u003C\/span\u003E \u003Cspan class=\"caps\"\u003EDES\u003C\/span\u003E \u003Cspan class=\"caps\"\u003EENFANTS\u003C\/span\u003E N\u2019\u003Cspan class=\"caps\"\u003EEST\u003C\/span\u003E \u003Cspan class=\"caps\"\u003EPAS\u003C\/span\u003E \u003Cspan class=\"caps\"\u003EAU\u003C\/span\u003E \u003Cspan class=\"caps\"\u003ETRAVAIL\u003C\/span\u003E\u003C\/a\u003E\u003C\/h4\u003E\u003Cblockquote class='spip'\u003E\n\u003Cp\u003ELe 17\u00a0avril dernier, un \u00e9l\u00e8ve de lyc\u00e9e professionnel \u00e2g\u00e9 de 15 ans est d\u00e9c\u00e9d\u00e9, percut\u00e9 par un engin de chantier alors qu\u2019il effectuait un stage en entreprise \u00e0 Bagnols-sur-C\u00e8ze, dans le Gard. \n\nNous nous saisissons du 28\u00a0avril 2026, journ\u00e9e mondiale sur la sant\u00e9 et la s\u00e9curit\u00e9 au travail, pour alerter sur la situation des mineur\u003Cspan aria-hidden='true'\u003E\u00b7\u003C\/span\u003Ees qui sont expos\u00e9\u003Cspan aria-hidden='true'\u003E\u00b7\u003C\/span\u003Ees aux multiples dangers de l\u2019entreprise et proposer des mesures de protection. \n\n Le 17\u00a0avril dernier, un \u00e9l\u00e8ve de lyc\u00e9e professionnel \u00e2g\u00e9 de 15\u00a0(\u2026)\u003C\/p\u003E\n\u003C\/blockquote\u003E\n"}