{"version":"1.0","type":"rich","provider_name":"\u003Cabbr title=\"Syndicat Unitaire National D&#233;mocratique des personnels de l&#039;Enseignement et de la formation Priv&#233;s\"\u003ESundep\u003C\/abbr\u003E-Solidaires Paris \u003Cspan class=\"caps\"\u003ESUD\u003C\/span\u003E Enseignement priv\u00e9","provider_url":"https:\/\/www.sundep-paris.org","title":"De\u0301claration liminaire\u00a0: \u003Cspan class=\"caps\"\u003E\u003Cabbr title=\"Commission consultative mixte acad&#233;mique\"\u003ECCMA\u003C\/abbr\u003E\u003C\/span\u003E du 5\u00a0f\u00e9vrier 2026 - Recours appr\u00e9ciations \u003Cspan class=\"caps\"\u003EPPCR\u003C\/span\u003E et liste d&#8217;aptitude \u003Cspan class=\"caps\"\u003EECR\u003C\/span\u003E agr\u00e9g\u00e9\u003Cspan aria-hidden='true'\u003E\u00b7\u003C\/span\u003Ees","author_name":"VOGT Catherine","width":"480","height":"295","url":"http:\/\/sundep-paris.org\/De%CC%81claration-liminaire-CCMA-du-5-fevrier-2026-Recours","html":"\u003Ch4 class='title'\u003E\u003Ca href='http:\/\/sundep-paris.org\/De%CC%81claration-liminaire-CCMA-du-5-fevrier-2026-Recours'\u003EDe\u0301claration liminaire\u00a0: \u003Cspan class=\"caps\"\u003E\u003Cabbr title=\"Commission consultative mixte acad&#233;mique\"\u003ECCMA\u003C\/abbr\u003E\u003C\/span\u003E du 5\u00a0f\u00e9vrier 2026 - Recours appr\u00e9ciations \u003Cspan class=\"caps\"\u003EPPCR\u003C\/span\u003E et liste d&#8217;aptitude \u003Cspan class=\"caps\"\u003EECR\u003C\/span\u003E agr\u00e9g\u00e9\u003Cspan aria-hidden='true'\u003E\u00b7\u003C\/span\u003Ees\u003C\/a\u003E\u003C\/h4\u003E\u003Cblockquote class='spip'\u003E\n\u003Cp\u003ELa commission consultative mixte acad\u00e9mique (\u003Cspan class=\"caps\"\u003ECCMA\u003C\/span\u003E) s\u2019est r\u00e9unie le 5\u00a0f\u00e9vrier 2026 pour l\u2019examen\u00a0: des recours des appr\u00e9ciations finales de rendez-vous de carri\u00e8re (\u003Cspan class=\"caps\"\u003EPPCR\u003C\/span\u003E) 2024-2025\u003Csmall class=\"fine d-inline\"\u003E\u00a0\u003C\/small\u003E; de liste d\u2019aptitude d\u2019acc\u00e8s \u00e0 l\u2019\u00e9chelle de r\u00e9mun\u00e9ration (\u003Cspan class=\"caps\"\u003EECR\u003C\/span\u003E) des agr\u00e9g\u00e9\u003Cspan aria-hidden='true'\u003E\u00b7\u003C\/span\u003Ees 2026-2027. \n\nLisez la d\u00e9claration liminaire commune du  \u003Cspan class=\"caps\"\u003ECGT\u003C\/span\u003E-\u003Cspan class=\"caps\"\u003EEP\u003C\/span\u003E - Sundep-Solidaires Paris qui si\u00e8gent sur une m\u00eame liste dans cet article. \n\n |||D\u00e9claration liminaire \u003Cspan class=\"caps\"\u003ECCMA\u003C\/span\u003E Jeudi 5\u00a0f\u00e9vrier 2026| \n\nMesdames, Messieurs, \n\nLa \u003Cspan class=\"caps\"\u003ECGT\u003C\/span\u003E-\u003Cspan class=\"caps\"\u003EEP\u003C\/span\u003E et le\u00a0(\u2026)\u003C\/p\u003E\n\u003C\/blockquote\u003E\n"}