{"version":"1.0","type":"rich","provider_name":"\u003Cabbr title=\"Syndicat Unitaire National D&#233;mocratique des personnels de l&#039;Enseignement et de la formation Priv&#233;s\"\u003ESundep\u003C\/abbr\u003E-Solidaires Paris \u003Cspan class=\"caps\"\u003ESUD\u003C\/span\u003E Enseignement priv\u00e9","provider_url":"https:\/\/www.sundep-paris.org","title":"Circulaire de rentr\u00e9e 2026-27","author_name":"VOGT Catherine","width":"480","height":"295","url":"http:\/\/sundep-paris.org\/Circulaire-de-rentree-2026-27","html":"\u003Ch4 class='title'\u003E\u003Ca href='http:\/\/sundep-paris.org\/Circulaire-de-rentree-2026-27'\u003ECirculaire de rentr\u00e9e 2026-27\u003C\/a\u003E\u003C\/h4\u003E\u003Cblockquote class='spip'\u003E\n\u003Cp\u003ELa pr\u00e9sente circulaire a pour objet de pr\u00e9ciser les modalit\u00e9s de prise en charge des personnels enseignants du priv\u00e9 du second degr\u00e9 pour l\u2019ann\u00e9e scolaire 2026-2027. \n\nElle concerne les ma\u00eetres contractuels en contrat provisoire ou d\u00e9finitif et les ma\u00eetres d\u00e9l\u00e9gu\u00e9s en contrat \u00e0 dur\u00e9e d\u00e9termin\u00e9e et ind\u00e9termin\u00e9e des \u00e9tablissements priv\u00e9s du second degr\u00e9 sous contrat d\u2019association avec l\u2019\u00c9tat. \n\n Adr\u00e8le acad\u00e9mique \n\nIl est rappel\u00e9 que les enseignantes et enseignants doivent utiliser leur\u00a0(\u2026)\u003C\/p\u003E\n\u003C\/blockquote\u003E\n"}