{"version":"1.0","type":"rich","provider_name":"\u003Cabbr title=\"Syndicat Unitaire National D&#233;mocratique des personnels de l&#039;Enseignement et de la formation Priv&#233;s\"\u003ESundep\u003C\/abbr\u003E-Solidaires Paris \u003Cspan class=\"caps\"\u003ESUD\u003C\/span\u003E Enseignement priv\u00e9","provider_url":"https:\/\/www.sundep-paris.org","title":"Circulaire \u003Cspan class=\"caps\"\u003E25AN0033\u003C\/span\u003E - Campagne 2025-2026 de mobilisation du compte personnel de formation (\u003Cspan class=\"caps\"\u003ECPF\u003C\/span\u003E)","author_name":"VOGT Catherine","width":"480","height":"295","url":"http:\/\/sundep-paris.org\/Circulaire-25AN0033-Campagne-2025-2026-de-mobilisation-du","html":"\u003Ch4 class='title'\u003E\u003Ca href='http:\/\/sundep-paris.org\/Circulaire-25AN0033-Campagne-2025-2026-de-mobilisation-du'\u003ECirculaire \u003Cspan class=\"caps\"\u003E25AN0033\u003C\/span\u003E - Campagne 2025-2026 de mobilisation du compte personnel de formation (\u003Cspan class=\"caps\"\u003ECPF\u003C\/span\u003E)\u003C\/a\u003E\u003C\/h4\u003E\u003Cblockquote class='spip'\u003E\n\u003Cp\u003ELa Circulaire \u003Cspan class=\"caps\"\u003E25AN0033\u003C\/span\u003E reprend les modalit\u00e9s de mise en \u0153uvre du compte personnel de formation (\u003Cspan class=\"caps\"\u003ECPF\u003C\/span\u003E) et de l\u2019ouverture de la campagne de mobilisation de ce compte pour les formations se d\u00e9roulant \u00e0 partir de septembre 2026. \n\nLe \u003Cspan class=\"caps\"\u003ECPF\u003C\/span\u003E concerne l\u2019ensemble des agent\u003Cspan aria-hidden='true'\u003E\u00b7\u003C\/span\u003Ees public\u003Cspan aria-hidden='true'\u003E\u00b7\u003C\/span\u003Eques en activit\u00e9, aussi bien les agent\u003Cspan aria-hidden='true'\u003E\u00b7\u003C\/span\u003Ees titulaires, stagiaires que contractuel\u003Cspan aria-hidden='true'\u003E\u00b7\u003C\/span\u003Eles de droit public \u00e0 dur\u00e9e d\u00e9termin\u00e9e ou ind\u00e9termin\u00e9e. \n\nDu lundi 17\u00a0mars 2025 au dimanche 13\u00a0avril 2025 inclus \n\n _ La mobilisation des\u00a0(\u2026)\u003C\/p\u003E\n\u003C\/blockquote\u003E\n"}